{"id":61,"date":"2013-11-26T18:48:27","date_gmt":"2013-11-26T16:48:27","guid":{"rendered":"http:\/\/test.aufhausen-ndb.de\/?page_id=61"},"modified":"2026-08-03T16:10:34","modified_gmt":"2026-08-03T14:10:34","slug":"aktuell","status":"publish","type":"page","link":"https:\/\/www.aufhausen-ndb.de\/?page_id=61","title":{"rendered":"Aktuell"},"content":{"rendered":"\r\n<h3>Gottesdienstordnung&nbsp;<\/h3>\r\n<p>Pfarrverband Aufhausen<\/p>\r\n<p>Samstag, 01.08.&nbsp;&nbsp;&nbsp;&nbsp;&nbsp;&nbsp;&nbsp;&nbsp; VORABEND 18. SONNTAG IM JAHRESKREIS<\/p>\r\n<p>Prunn&nbsp;&nbsp;&nbsp;&nbsp;&nbsp;&nbsp;&nbsp;&nbsp;&nbsp;&nbsp;&nbsp;&nbsp;&nbsp; 19:00 Uhr&nbsp;&nbsp;&nbsp;&nbsp;&nbsp;&nbsp; <strong>Hl. Amt <\/strong><br><br><\/p>\r\n<p>Sonntag, 02.08.&nbsp;&nbsp;&nbsp;&nbsp;&nbsp;&nbsp;&nbsp;&nbsp;&nbsp;&nbsp;&nbsp;&nbsp;&nbsp;&nbsp;&nbsp;&nbsp;&nbsp;&nbsp; 18. SONNTAG IM JAHRESKREIS<\/p>\r\n<p>Aufhausen&nbsp;&nbsp;&nbsp;&nbsp;&nbsp;&nbsp; 10:00 Uhr&nbsp;&nbsp;&nbsp;&nbsp;&nbsp;&nbsp; <strong>Wort-Gottes-Feier <\/strong><br><br><\/p>\r\n<p>Rannersdorf&nbsp;&nbsp;&nbsp;&nbsp; 10:00 Uhr&nbsp;&nbsp;&nbsp;&nbsp;&nbsp;&nbsp; <strong>Hl. Amt <\/strong><\/p>\r\n<p>Mettenhausen&nbsp; 8:30 Uhr&nbsp;&nbsp;&nbsp;&nbsp;&nbsp;&nbsp;&nbsp; <strong>Pfarrgottesdienst &#8211; Hl. Amt <\/strong><br><br><\/p>\r\n<p>&nbsp;<\/p>\r\n<p>Samstag, 08.08.&nbsp;&nbsp;&nbsp;&nbsp;&nbsp;&nbsp;&nbsp;&nbsp;&nbsp;&nbsp;&nbsp;&nbsp;&nbsp;&nbsp;&nbsp;&nbsp;&nbsp;&nbsp; VORABEND 19. SONNTAG IM JAHRESKREIS<\/p>\r\n<p>Reichersdorf&nbsp;&nbsp;&nbsp; 19:00 Uhr&nbsp;&nbsp;&nbsp;&nbsp;&nbsp;&nbsp; <strong>Hl. Amt <\/strong><br><br><\/p>\r\n<p>Sonntag, 09.08.&nbsp;&nbsp;&nbsp;&nbsp;&nbsp;&nbsp;&nbsp;&nbsp;&nbsp;&nbsp;&nbsp;&nbsp;&nbsp;&nbsp;&nbsp;&nbsp;&nbsp;&nbsp; 19. SONNTAG IM JAHRESKREIS<\/p>\r\n<p>Aufhausen&nbsp;&nbsp;&nbsp;&nbsp;&nbsp;&nbsp; 8:30 Uhr&nbsp;&nbsp;&nbsp;&nbsp;&nbsp;&nbsp;&nbsp; <strong>Hl. Amt <\/strong><br><br><\/p>\r\n<p>&nbsp;<\/p>\r\n<p>Lappersdorf&nbsp;&nbsp;&nbsp;&nbsp; 8:30 Uhr&nbsp;&nbsp;&nbsp;&nbsp;&nbsp;&nbsp;&nbsp; <strong>Pfarrgottesdienst &#8211; Hl. Amt <\/strong><br><br><\/p>\r\n<p><strong>Gottesdienstordnung vom 10.08.-27.09.2026<\/strong><\/p>\r\n<p><strong>Pfarrverband Aufhausen<\/strong><\/p>\r\n<p>Donnerstag, 13.08.&nbsp;&nbsp;&nbsp;&nbsp;&nbsp;&nbsp;&nbsp;&nbsp;&nbsp;&nbsp;&nbsp;&nbsp;&nbsp;&nbsp; DER 19. WOCHE IM JAHRESKREIS<\/p>\r\n<p>Aufhausen&nbsp;&nbsp;&nbsp;&nbsp;&nbsp;&nbsp; 14:00 Uhr&nbsp;&nbsp;&nbsp;&nbsp;&nbsp;&nbsp; <strong>Rosenkranz Fatimarosenkranz <\/strong><\/p>\r\n<p>Exing&nbsp;&nbsp;&nbsp;&nbsp;&nbsp;&nbsp;&nbsp;&nbsp;&nbsp;&nbsp;&nbsp;&nbsp;&nbsp; 18:00 Uhr&nbsp;&nbsp;&nbsp;&nbsp;&nbsp;&nbsp; <strong>Rosenkranz Fatimarosenkranz <\/strong><br><br><\/p>\r\n<p>Freitag, 14.08.Vorabend HOCHFEST AUFNAHME MARIENS IN DEN HIMMEL<\/p>\r\n<p>Prunn&nbsp;&nbsp;&nbsp;&nbsp;&nbsp;&nbsp;&nbsp;&nbsp;&nbsp;&nbsp;&nbsp;&nbsp;&nbsp; <strong>18:00 Uhr<\/strong>&nbsp;&nbsp;&nbsp;&nbsp;&nbsp; <strong>Hl. Amt mit Kr\u00e4utersegnung am Wegkreuz bei der M\u00fchle in Prunn&nbsp; <\/strong><\/p>\r\n<p><strong>&nbsp;&nbsp;&nbsp;&nbsp;&nbsp;&nbsp;&nbsp;&nbsp;&nbsp;&nbsp;&nbsp;&nbsp;&nbsp;&nbsp;&nbsp;&nbsp;&nbsp;&nbsp;&nbsp;&nbsp;&nbsp;&nbsp;&nbsp;&nbsp;&nbsp;&nbsp;&nbsp;&nbsp;&nbsp;&nbsp;&nbsp;&nbsp;&nbsp;&nbsp;&nbsp;&nbsp;&nbsp;&nbsp;&nbsp;&nbsp;&nbsp;&nbsp;&nbsp; <\/strong><\/p>\r\n<p><strong>&#8211; Abgabe der gesegneten Kr\u00e4uterbuschen gegen Spende\u00ad\u2013<\/strong><\/p>\r\n<p><strong>nach dem Gottesdienst gemeinsamer Ausklang des Abends<\/strong><\/p>\r\n<p><strong>&nbsp;bei Wein, Wasser und Brot (Agape-Feier) <\/strong><br><br><\/p>\r\n<p>Samstag, 15.08.HOCHFEST DER AUFNAHME MARIENS IN DEN HIMMEL<\/p>\r\n<p>Lappersdorf&nbsp;&nbsp;&nbsp;&nbsp; 8:30 Uhr&nbsp;&nbsp;&nbsp;&nbsp;&nbsp;&nbsp;&nbsp; <strong>Hl. Amt mit Kr\u00e4utersegnung <\/strong><\/p>\r\n<p><strong>&nbsp;&nbsp;&nbsp;&nbsp;&nbsp;&nbsp;&nbsp;&nbsp;&nbsp;&nbsp;&nbsp;&nbsp;&nbsp;&nbsp;&nbsp;&nbsp;&nbsp;&nbsp;&nbsp;&nbsp;&nbsp;&nbsp;&nbsp;&nbsp;&nbsp;&nbsp;&nbsp;&nbsp;&nbsp;&nbsp;&nbsp;&nbsp;&nbsp;&nbsp;&nbsp;&nbsp;&nbsp;&nbsp;&nbsp;&nbsp;&nbsp;&nbsp;&nbsp; <\/strong>&nbsp;<\/p>\r\n<p><strong>&#8211; Abgabe der gesegneten Kr\u00e4uterbuschen gegen Spende\u2013<\/strong><\/p>\r\n<p>&nbsp;<\/p>\r\n<p>Sonntag, 16.08.&nbsp;&nbsp;&nbsp;&nbsp;&nbsp;&nbsp;&nbsp;&nbsp;&nbsp;&nbsp;&nbsp;&nbsp;&nbsp;&nbsp;&nbsp;&nbsp;&nbsp;&nbsp; 20. SONNTAG IM JAHRESKREIS<\/p>\r\n<p>Aufhausen&nbsp;&nbsp;&nbsp;&nbsp;&nbsp;&nbsp; 8:30 Uhr&nbsp;&nbsp;&nbsp;&nbsp;&nbsp;&nbsp;&nbsp; <strong>Hl. Amt Hl. Amt mit Kr\u00e4utersegnung <\/strong><\/p>\r\n<p><strong>&nbsp;&nbsp;&nbsp;&nbsp;&nbsp;&nbsp;&nbsp;&nbsp;&nbsp;&nbsp;&nbsp;&nbsp;&nbsp;&nbsp;&nbsp;&nbsp;&nbsp;&nbsp;&nbsp;&nbsp;&nbsp;&nbsp;&nbsp;&nbsp;&nbsp;&nbsp;&nbsp;&nbsp;&nbsp;&nbsp;&nbsp;&nbsp;&nbsp;&nbsp;&nbsp;&nbsp;&nbsp;&nbsp;&nbsp;&nbsp;&nbsp;&nbsp;&nbsp; <\/strong>&nbsp;<\/p>\r\n<p><strong>&#8211; Abgabe der gesegneten Kr\u00e4uterbuschen gegen eine Spende- <\/strong><\/p>\r\n<p>&nbsp;<\/p>\r\n<p>Mettenhausen&nbsp; 10:00 Uhr&nbsp;&nbsp;&nbsp;&nbsp;&nbsp;&nbsp; <strong>Pfarrgottesdienst &#8211; Hl. Amt mit Kr\u00e4utersegnung&nbsp; <\/strong><\/p>\r\n<p><strong>&nbsp;&nbsp;&nbsp;&nbsp;&nbsp;&nbsp;&nbsp;&nbsp;&nbsp;&nbsp;&nbsp;&nbsp;&nbsp;&nbsp;&nbsp;&nbsp;&nbsp;&nbsp;&nbsp;&nbsp;&nbsp;&nbsp;&nbsp;&nbsp;&nbsp;&nbsp;&nbsp;&nbsp;&nbsp;&nbsp;&nbsp;&nbsp;&nbsp;&nbsp;&nbsp;&nbsp;&nbsp;&nbsp;&nbsp;&nbsp;&nbsp;&nbsp;&nbsp; <\/strong><\/p>\r\n<p><strong>&#8211; Abgabe der gesegneten Kr\u00e4uterbuschen gegen eine Spende durch den <\/strong><\/p>\r\n<p><strong>Heimat- und Sportverein &#8211; anschl. Gartenfest am Sportgel\u00e4nde \u2013<\/strong><br><br><\/p>\r\n<p>Reichersdorf&nbsp;&nbsp;&nbsp; 8:30 Uhr&nbsp;&nbsp;&nbsp;&nbsp;&nbsp;&nbsp;&nbsp; <strong>Hl. Amt Hl. Amt mit Kr\u00e4utersegnung <\/strong><\/p>\r\n<p><strong>&nbsp;&nbsp;&nbsp;&nbsp;&nbsp;&nbsp;&nbsp;&nbsp;&nbsp;&nbsp;&nbsp;&nbsp;&nbsp;&nbsp;&nbsp;&nbsp;&nbsp;&nbsp;&nbsp;&nbsp;&nbsp;&nbsp;&nbsp;&nbsp;&nbsp;&nbsp;&nbsp;&nbsp;&nbsp;&nbsp;&nbsp;&nbsp;&nbsp;&nbsp;&nbsp;&nbsp;&nbsp;&nbsp;&nbsp;&nbsp;&nbsp;&nbsp;&nbsp; <\/strong><\/p>\r\n<p><strong>&#8211; Abgabe der gesegneten Kr\u00e4uterbuschen gegen eine Spende &#8211; <\/strong><br><br><\/p>\r\n<p>&nbsp;<\/p>\r\n<p>&nbsp;<\/p>\r\n<p>&nbsp;<\/p>\r\n<p>Dienstag, 18.08.&nbsp;&nbsp;&nbsp;&nbsp;&nbsp;&nbsp;&nbsp;&nbsp;&nbsp;&nbsp;&nbsp;&nbsp;&nbsp;&nbsp;&nbsp;&nbsp;&nbsp;&nbsp;&nbsp; DER 20. WOCHE IM JAHRESKREIS<\/p>\r\n<p>Rannersdorf&nbsp;&nbsp;&nbsp;&nbsp; 19:00 Uhr&nbsp;&nbsp;&nbsp;&nbsp;&nbsp;&nbsp; <strong>Hl. Messe <\/strong><br><br><\/p>\r\n<p>Mittwoch, 19.08.&nbsp;&nbsp;&nbsp;&nbsp;&nbsp;&nbsp;&nbsp;&nbsp;&nbsp;&nbsp;&nbsp;&nbsp;&nbsp;&nbsp;&nbsp;&nbsp;&nbsp;&nbsp;&nbsp; DER 20. WOCHE IM JAHRESKREIS<\/p>\r\n<p>Mettenhausen&nbsp; 19:00 Uhr&nbsp;&nbsp;&nbsp;&nbsp;&nbsp;&nbsp; <strong>Hl. Messe <\/strong><br><br><\/p>\r\n<p>Donnerstag, 20.08.&nbsp;&nbsp;&nbsp;&nbsp;&nbsp; DER 20. WOCHE IM JKRS, Hl. Bernhard v. Clairvaux<\/p>\r\n<p>Aufhausen&nbsp;&nbsp;&nbsp;&nbsp;&nbsp;&nbsp; 19:00 Uhr&nbsp;&nbsp;&nbsp;&nbsp;&nbsp;&nbsp; <strong>Hl. Messe <\/strong><br><br><\/p>\r\n<p>Freitag, 21.08.&nbsp;&nbsp;&nbsp;&nbsp;&nbsp;&nbsp;&nbsp;&nbsp;&nbsp;&nbsp;&nbsp;&nbsp;&nbsp;&nbsp;&nbsp;&nbsp;&nbsp;&nbsp;&nbsp;&nbsp;&nbsp; DER 20. WOCHE IM JKRS, Hl. Pius X., Papst<\/p>\r\n<p>Reichersdorf&nbsp;&nbsp;&nbsp; 19:00 Uhr&nbsp;&nbsp;&nbsp;&nbsp;&nbsp;&nbsp; <strong>Hl. Messe&nbsp; <\/strong><br><br><\/p>\r\n<p>Sonntag, 23.08.&nbsp;&nbsp;&nbsp;&nbsp;&nbsp;&nbsp;&nbsp;&nbsp;&nbsp;&nbsp;&nbsp;&nbsp;&nbsp;&nbsp;&nbsp;&nbsp;&nbsp;&nbsp; 21. SONNTAG IM JAHRESKREIS<\/p>\r\n<p>Aufhausen&nbsp;&nbsp;&nbsp;&nbsp;&nbsp;&nbsp; 8:30 Uhr&nbsp;&nbsp;&nbsp;&nbsp;&nbsp;&nbsp;&nbsp; <strong>Hl. Amt \u2013 Pfarrgottesdienst <\/strong><\/p>\r\n<p><strong>&nbsp;&nbsp;&nbsp;&nbsp;&nbsp;&nbsp;&nbsp;&nbsp;&nbsp;&nbsp;&nbsp;&nbsp;&nbsp;&nbsp;&nbsp;&nbsp;&nbsp;&nbsp;&nbsp;&nbsp;&nbsp;&nbsp;&nbsp;&nbsp;&nbsp;&nbsp;&nbsp;&nbsp;&nbsp;&nbsp;&nbsp;&nbsp;&nbsp;&nbsp;&nbsp;&nbsp;&nbsp;&nbsp;&nbsp;&nbsp;&nbsp;&nbsp;&nbsp; <\/strong><\/p>\r\n<p>Rannersdorf&nbsp;&nbsp;&nbsp;&nbsp; 10:00 Uhr&nbsp;&nbsp;&nbsp;&nbsp;&nbsp;&nbsp; <strong>Hl. Amt Hl. Amt <\/strong><br><br><\/p>\r\n<p>Mettenhausen&nbsp; 8:30 Uhr&nbsp;&nbsp;&nbsp;&nbsp;&nbsp;&nbsp;&nbsp; <strong>Hl. Amt&nbsp; <\/strong><br><br><\/p>\r\n<p>&nbsp;<\/p>\r\n<p>Samstag, 29.08.Vorabend 22. So. i. Jkrs; Enthauptung Johannes&#8216; d. T\u00e4ufers<\/p>\r\n<p>Aufhausen&nbsp;&nbsp;&nbsp;&nbsp;&nbsp;&nbsp; 19:00 Uhr&nbsp;&nbsp;&nbsp;&nbsp;&nbsp;&nbsp; <strong>Hl. Amt&nbsp; <\/strong><br><br><\/p>\r\n<p>Sonntag, 30.08.&nbsp;&nbsp;&nbsp;&nbsp;&nbsp;&nbsp;&nbsp;&nbsp;&nbsp;&nbsp;&nbsp;&nbsp;&nbsp;&nbsp;&nbsp;&nbsp;&nbsp;&nbsp; 22. SONNTAG IM JAHRESKREIS<\/p>\r\n<p>Lappersdorf&nbsp;&nbsp;&nbsp;&nbsp; 08:30 Uhr&nbsp;&nbsp;&nbsp;&nbsp;&nbsp;&nbsp; <strong>Hl. Amt<\/strong><\/p>\r\n<p>&nbsp;&nbsp;&nbsp;&nbsp;&nbsp;&nbsp;&nbsp;&nbsp;&nbsp;&nbsp;&nbsp;&nbsp;&nbsp;&nbsp;&nbsp;&nbsp;&nbsp;&nbsp;&nbsp;&nbsp;&nbsp;&nbsp;&nbsp;&nbsp;&nbsp;&nbsp;&nbsp;&nbsp;&nbsp;&nbsp;&nbsp;&nbsp;&nbsp;&nbsp;&nbsp;&nbsp;&nbsp;&nbsp;&nbsp;&nbsp;&nbsp;&nbsp;&nbsp; &nbsp;<\/p>\r\n<p>&nbsp;&nbsp;&nbsp;&nbsp;&nbsp;&nbsp;&nbsp;&nbsp;&nbsp;&nbsp;&nbsp;&nbsp;&nbsp;&nbsp;&nbsp;&nbsp;&nbsp;&nbsp;&nbsp;&nbsp;&nbsp;&nbsp;&nbsp;&nbsp;&nbsp;&nbsp;&nbsp;&nbsp;&nbsp;&nbsp;&nbsp;&nbsp;&nbsp;&nbsp;&nbsp;&nbsp;&nbsp;&nbsp;&nbsp;&nbsp;&nbsp;&nbsp;&nbsp;<\/p>\r\n<p>Mettenhausen&nbsp; 10:00 Uhr&nbsp;&nbsp;&nbsp;&nbsp;&nbsp;&nbsp; <strong>Wort-Gottes-Feier&nbsp; <\/strong><br><br><\/p>\r\n<p>Reichersdorf&nbsp;&nbsp;&nbsp; 10:00 Uhr&nbsp;&nbsp;&nbsp;&nbsp;&nbsp;&nbsp; <strong>Hl. Amt \u2013 Pfarrgottesdienst <\/strong><\/p>\r\n<p><strong>&nbsp;&nbsp;&nbsp;&nbsp;&nbsp;&nbsp;&nbsp;&nbsp;&nbsp;&nbsp;&nbsp;&nbsp;&nbsp;&nbsp;&nbsp;&nbsp;&nbsp;&nbsp;&nbsp;&nbsp;&nbsp;&nbsp;&nbsp;&nbsp;&nbsp;&nbsp;&nbsp;&nbsp;&nbsp;&nbsp;&nbsp;&nbsp;&nbsp;&nbsp;&nbsp;&nbsp;&nbsp;&nbsp;&nbsp;&nbsp;&nbsp;&nbsp;&nbsp; <\/strong><br><br><\/p>\r\n<p>&nbsp;<\/p>\r\n<p>&nbsp;<\/p>\r\n<p>Freitag, 04.09.&nbsp;&nbsp;&nbsp;&nbsp;&nbsp;&nbsp; DER 22. WOCHE IM JAHRESKREIS \u2013 HERZ-JESU-FREITAG<\/p>\r\n<p>Reichersdorf&nbsp;&nbsp;&nbsp; 18:00 Uhr&nbsp;&nbsp;&nbsp;&nbsp;&nbsp;&nbsp; <strong>Eucharistische Anbetung<\/strong><\/p>\r\n<p><strong>&nbsp;&nbsp;&nbsp;&nbsp;&nbsp;&nbsp;&nbsp;&nbsp;&nbsp;&nbsp;&nbsp;&nbsp;&nbsp;&nbsp;&nbsp;&nbsp;&nbsp;&nbsp;&nbsp;&nbsp;&nbsp;&nbsp;&nbsp;&nbsp;&nbsp;&nbsp;&nbsp;&nbsp;&nbsp;&nbsp;&nbsp;&nbsp;&nbsp;&nbsp;&nbsp;&nbsp;&nbsp;&nbsp;&nbsp;&nbsp;&nbsp;&nbsp;&nbsp; <\/strong>Aussetzung des Allerheiligsten mit Anbetungsstunde<\/p>\r\n<p>Reichersdorf&nbsp;&nbsp;&nbsp; 19:00 Uhr&nbsp;&nbsp;&nbsp;&nbsp;&nbsp;&nbsp; <strong>Hl. Messe Heiligstes &#8211; Herz &#8211; Jesu&nbsp; <\/strong><br><br><\/p>\r\n<p>&nbsp;<\/p>\r\n<p>Samstag, 05.09. Vorab. 23. SONNTAG i. JKRS, HERZ-MARI\u00c4-SAMSTAG&nbsp;&nbsp;&nbsp;&nbsp;&nbsp;<\/p>\r\n<p>Reichersdorf&nbsp;&nbsp;&nbsp; 14:00 Uhr&nbsp;&nbsp;&nbsp;&nbsp;&nbsp;&nbsp; <strong>Senioren &#8211; Nachmittag der Pfarrei im \u201eTroadkasten\u201c im Pfarrhof &#8211; mit buntem Programm<\/strong><\/p>\r\n<p>&nbsp;<\/p>\r\n<p>Exing&nbsp;&nbsp;&nbsp;&nbsp;&nbsp;&nbsp;&nbsp;&nbsp;&nbsp;&nbsp;&nbsp;&nbsp;&nbsp; 19:00 Uhr&nbsp;&nbsp;&nbsp;&nbsp;&nbsp;&nbsp; <strong>Hl. Amt \u2013 Pfarrgottesdienst<\/strong><\/p>\r\n<p>&nbsp;&nbsp;&nbsp;&nbsp;&nbsp;&nbsp;&nbsp;&nbsp;&nbsp;&nbsp;&nbsp;&nbsp;&nbsp;&nbsp;&nbsp;&nbsp;&nbsp;&nbsp;&nbsp;&nbsp;&nbsp;&nbsp;&nbsp;&nbsp;&nbsp;&nbsp;&nbsp;&nbsp;&nbsp;&nbsp;&nbsp;&nbsp;&nbsp;&nbsp;&nbsp;&nbsp;&nbsp;&nbsp;&nbsp;&nbsp;&nbsp;&nbsp;&nbsp; &nbsp;<\/p>\r\n<p><strong><u>&nbsp;<\/u><\/strong><\/p>\r\n<p><strong><u>Sonntag, 06.09.&nbsp;&nbsp;&nbsp;&nbsp;&nbsp;&nbsp;&nbsp;&nbsp;&nbsp;&nbsp;&nbsp;&nbsp;&nbsp;&nbsp;&nbsp;&nbsp;&nbsp;&nbsp; 23. SONNTAG IM JAHRESKREIS<\/u><\/strong><\/p>\r\n<p>Aufhausen&nbsp;&nbsp;&nbsp;&nbsp;&nbsp;&nbsp; 8:30 Uhr&nbsp;&nbsp;&nbsp;&nbsp;&nbsp;&nbsp;&nbsp; <strong>Hl. Amt&nbsp; <\/strong><\/p>\r\n<p>&nbsp;<\/p>\r\n<p>Exing&nbsp;&nbsp;&nbsp;&nbsp;&nbsp;&nbsp;&nbsp;&nbsp;&nbsp;&nbsp;&nbsp;&nbsp;&nbsp; 11:30 Uhr&nbsp;&nbsp;&nbsp;&nbsp;&nbsp;&nbsp; <strong>Seniorentag der Pfarrei Exing &#8211; <\/strong>ab 11:30 Uhr Mittagstisch im Gasthaus Flexeder in Exing mit anschl. buntem Programm<\/p>\r\n<p>&nbsp;<\/p>\r\n<p>Mettenhausen&nbsp; 10:00 Uhr&nbsp;&nbsp;&nbsp;&nbsp;&nbsp;&nbsp; <strong>Hl. Amt<\/strong><\/p>\r\n<p>&nbsp;&nbsp;&nbsp;&nbsp;&nbsp;&nbsp;&nbsp;&nbsp;&nbsp;&nbsp;&nbsp;&nbsp;&nbsp;&nbsp;&nbsp;&nbsp;&nbsp;&nbsp;&nbsp;&nbsp;&nbsp;&nbsp;&nbsp;&nbsp;&nbsp;&nbsp;&nbsp;&nbsp;&nbsp;&nbsp;&nbsp;&nbsp;&nbsp;&nbsp;&nbsp;&nbsp;&nbsp;&nbsp;&nbsp;&nbsp;&nbsp;&nbsp;&nbsp; &nbsp;<\/p>\r\n<p>&nbsp;<\/p>\r\n<p>Reichersdorf&nbsp;&nbsp;&nbsp; 10:00 Uhr&nbsp;&nbsp;&nbsp;&nbsp;&nbsp;&nbsp; <strong>Wort-Gottes-Feier<\/strong><\/p>\r\n<p>&nbsp;<\/p>\r\n<p>Dienstag, 08.09.&nbsp;&nbsp;&nbsp;&nbsp;&nbsp;&nbsp;&nbsp;&nbsp;&nbsp;&nbsp;&nbsp;&nbsp;&nbsp;&nbsp;&nbsp;&nbsp;&nbsp;&nbsp;&nbsp; MARI\u00c4 GEBURT<\/p>\r\n<p>Exing&nbsp;&nbsp;&nbsp;&nbsp;&nbsp;&nbsp;&nbsp;&nbsp;&nbsp;&nbsp;&nbsp;&nbsp;&nbsp; 19:00 Uhr&nbsp;&nbsp;&nbsp;&nbsp;&nbsp;&nbsp; <strong>Hl. Messe&nbsp; <\/strong><br><br><\/p>\r\n<p>Mittwoch, 09.09.&nbsp;&nbsp;&nbsp;&nbsp;&nbsp;&nbsp;&nbsp;&nbsp;&nbsp;&nbsp;&nbsp;&nbsp;&nbsp;&nbsp;&nbsp;&nbsp;&nbsp;&nbsp;&nbsp; DER 23. WOCHE IM JAHRESKREIS<\/p>\r\n<p>Rottersdorf&nbsp;&nbsp;&nbsp;&nbsp;&nbsp; 19:00 Uhr&nbsp;&nbsp;&nbsp;&nbsp;&nbsp;&nbsp; <strong>Hl. Messe&nbsp; <\/strong><br><br><\/p>\r\n<p>Donnerstag, 10.09.&nbsp;&nbsp;&nbsp;&nbsp;&nbsp;&nbsp;&nbsp;&nbsp;&nbsp;&nbsp;&nbsp;&nbsp;&nbsp;&nbsp;&nbsp; DER 23. WOCHE IM JAHRESKREIS<\/p>\r\n<p>Rengersdorf&nbsp;&nbsp;&nbsp; 19:00 Uhr&nbsp;&nbsp;&nbsp;&nbsp;&nbsp;&nbsp; <strong>Hl. Messe&nbsp; <\/strong><br><br><\/p>\r\n<p>&nbsp;<\/p>\r\n<p>&nbsp;<\/p>\r\n<p>Freitag, 11.09.&nbsp;&nbsp;&nbsp;&nbsp;&nbsp;&nbsp;&nbsp;&nbsp;&nbsp;&nbsp;&nbsp;&nbsp;&nbsp;&nbsp;&nbsp;&nbsp;&nbsp;&nbsp;&nbsp;&nbsp;&nbsp; DER 23. WOCHE IM JAHRESKREIS<\/p>\r\n<p>Aufhausen&nbsp;&nbsp;&nbsp;&nbsp;&nbsp;&nbsp; 19:00 Uhr&nbsp;&nbsp;&nbsp;&nbsp;&nbsp;&nbsp; <strong>Ehrenabend anl\u00e4sslich des Jubil\u00e4umfest<\/strong> <strong>&nbsp;<\/strong><\/p>\r\n<p><strong>&nbsp;&nbsp;&nbsp;&nbsp;&nbsp;&nbsp;&nbsp;&nbsp;&nbsp;&nbsp;&nbsp;&nbsp;&nbsp;&nbsp;&nbsp;&nbsp;&nbsp;&nbsp;&nbsp;&nbsp;&nbsp;&nbsp;&nbsp;&nbsp;&nbsp;&nbsp;&nbsp;&nbsp;&nbsp;&nbsp;&nbsp;&nbsp;&nbsp;&nbsp;&nbsp;&nbsp;&nbsp;&nbsp;&nbsp;&nbsp;&nbsp;&nbsp;&nbsp; 20 Jahre KLJB Aufhausen <\/strong><\/p>\r\n<p>&nbsp;<\/p>\r\n<p>Thambach&nbsp;&nbsp;&nbsp;&nbsp;&nbsp;&nbsp;&nbsp; <strong>17:00 Uhr<\/strong>&nbsp;&nbsp;&nbsp;&nbsp;&nbsp; <strong>Hl. Messe&nbsp; <\/strong><br><br><\/p>\r\n<p>Sonntag, 13.09.&nbsp;&nbsp;&nbsp;&nbsp;&nbsp;&nbsp;&nbsp;&nbsp;&nbsp;&nbsp;&nbsp;&nbsp;&nbsp;&nbsp;&nbsp;&nbsp;&nbsp;&nbsp; 24. SONNTAG IM JAHRESKREIS<\/p>\r\n<p>Aufhausen&nbsp;&nbsp;&nbsp;&nbsp;&nbsp;&nbsp; 10:00 Uhr&nbsp;&nbsp;&nbsp;&nbsp;&nbsp;&nbsp; <strong>Pfarrgottesdienst &#8211;<\/strong> <strong>Festgottesdienst zum <\/strong><\/p>\r\n<p><strong>&nbsp;&nbsp;&nbsp;&nbsp;&nbsp;&nbsp;&nbsp;&nbsp;&nbsp;&nbsp;&nbsp;&nbsp;&nbsp;&nbsp;&nbsp;&nbsp;&nbsp;&nbsp;&nbsp;&nbsp;&nbsp;&nbsp;&nbsp;&nbsp;&nbsp;&nbsp;&nbsp;&nbsp;&nbsp;&nbsp;&nbsp;&nbsp;&nbsp;&nbsp;&nbsp;&nbsp;&nbsp;&nbsp;&nbsp;&nbsp;&nbsp;&nbsp;&nbsp; 20-j\u00e4hrigen Gr\u00fcndungsjubil\u00e4um<\/strong><\/p>\r\n<p><strong>&nbsp;&nbsp;&nbsp;&nbsp;&nbsp;&nbsp;&nbsp;&nbsp;&nbsp;&nbsp;&nbsp;&nbsp;&nbsp;&nbsp;&nbsp;&nbsp;&nbsp;&nbsp;&nbsp;&nbsp;&nbsp;&nbsp;&nbsp;&nbsp;&nbsp;&nbsp;&nbsp;&nbsp;&nbsp;&nbsp;&nbsp;&nbsp;&nbsp;&nbsp;&nbsp;&nbsp;&nbsp;&nbsp;&nbsp;&nbsp;&nbsp;&nbsp;&nbsp; KLJB &#8211; Aufhausen <\/strong><\/p>\r\n<p><strong>&nbsp;&nbsp;&nbsp;&nbsp;&nbsp;&nbsp;&nbsp;&nbsp;&nbsp;&nbsp;&nbsp;&nbsp;&nbsp;&nbsp;&nbsp;&nbsp;&nbsp;&nbsp;&nbsp;&nbsp;&nbsp;&nbsp;&nbsp;&nbsp;&nbsp;&nbsp;&nbsp;&nbsp;&nbsp;&nbsp;&nbsp;&nbsp;&nbsp;&nbsp;&nbsp;&nbsp;&nbsp;&nbsp;&nbsp;&nbsp;&nbsp;&nbsp;&nbsp; f\u00fcr alle Lebenden und Verstorbenen unseres Pfarrverbandes Aufhausen <\/strong><br><br><\/p>\r\n<p>Aufhausen&nbsp;&nbsp;&nbsp;&nbsp;&nbsp;&nbsp; 14:00 Uhr&nbsp;&nbsp;&nbsp;&nbsp;&nbsp;&nbsp; <strong>Fatimarosenkranz<\/strong><\/p>\r\n<p>&nbsp;<\/p>\r\n<p>&nbsp;<\/p>\r\n<p>Prunn&nbsp;&nbsp;&nbsp;&nbsp;&nbsp;&nbsp;&nbsp;&nbsp;&nbsp;&nbsp;&nbsp;&nbsp;&nbsp; 08:30 Uhr&nbsp;&nbsp;&nbsp;&nbsp;&nbsp;&nbsp; <strong>Hl. Amt<\/strong><\/p>\r\n<p>&nbsp;&nbsp;&nbsp;&nbsp;&nbsp;&nbsp;&nbsp;&nbsp;&nbsp;&nbsp;&nbsp;&nbsp;&nbsp;&nbsp;&nbsp;&nbsp;&nbsp;&nbsp;&nbsp;&nbsp;&nbsp;&nbsp;&nbsp;&nbsp;&nbsp;&nbsp;&nbsp;&nbsp;&nbsp;&nbsp;&nbsp;&nbsp;&nbsp;&nbsp;&nbsp;&nbsp;&nbsp;&nbsp;&nbsp;&nbsp;&nbsp;&nbsp;&nbsp; <br><br><\/p>\r\n<p>Exing&nbsp;&nbsp;&nbsp;&nbsp;&nbsp;&nbsp;&nbsp;&nbsp;&nbsp;&nbsp;&nbsp;&nbsp;&nbsp; 18:00 Uhr&nbsp;&nbsp;&nbsp;&nbsp;&nbsp;&nbsp; <strong>Fatimarosenkranz <\/strong><br><br><\/p>\r\n<p>Mettenhausen&nbsp; 10:00 Uhr&nbsp;&nbsp;&nbsp;&nbsp;&nbsp;&nbsp; <strong>Wort-Gottes-Feier<\/strong><\/p>\r\n<p>&nbsp;<\/p>\r\n<p>Reichersdorf&nbsp;&nbsp;&nbsp; 08:30 Uhr&nbsp;&nbsp;&nbsp;&nbsp;&nbsp;&nbsp; <strong>Hl. Amt&nbsp; <\/strong><br><br><\/p>\r\n<p>&nbsp;<\/p>\r\n<p>Dienstag, 15.09.&nbsp;&nbsp;&nbsp;&nbsp;&nbsp;&nbsp;&nbsp;&nbsp;&nbsp;&nbsp;&nbsp;&nbsp;&nbsp;&nbsp;&nbsp;&nbsp;&nbsp;&nbsp;&nbsp; GED\u00c4CHTNIS DER SCHMERZEN MARIENS<\/p>\r\n<p>Lappersdorf&nbsp;&nbsp;&nbsp;&nbsp; 19:00 Uhr&nbsp;&nbsp;&nbsp;&nbsp;&nbsp;&nbsp; <strong>Hl. Messe <\/strong><br><br><\/p>\r\n<p>Mittwoch, 16.09.&nbsp;&nbsp;&nbsp;&nbsp;&nbsp;&nbsp;&nbsp;&nbsp;&nbsp;&nbsp;&nbsp;&nbsp;&nbsp;&nbsp;&nbsp;&nbsp;&nbsp;&nbsp;&nbsp; DER 24. WOCHE IM JAHRESKREIS<\/p>\r\n<p>Mettenhausen&nbsp; 19:00 Uhr&nbsp;&nbsp;&nbsp;&nbsp;&nbsp;&nbsp; <strong>Hl. Messe <\/strong><br><br><\/p>\r\n<p>&nbsp;<\/p>\r\n<p>&nbsp;<\/p>\r\n<p>Donnerstag, 17.09&nbsp;&nbsp;&nbsp;&nbsp;&nbsp;&nbsp;&nbsp;&nbsp;&nbsp;&nbsp;&nbsp;&nbsp;&nbsp;&nbsp;&nbsp;&nbsp; DER 24. WOCHE IM JAHREKREIS<\/p>\r\n<p>Aufhausen 11:30 Uhr&nbsp;&nbsp;&nbsp;&nbsp;&nbsp;&nbsp;&nbsp;&nbsp;&nbsp;&nbsp;&nbsp;&nbsp; Seniorenausflug Pastoraler Raum Landau nach&nbsp;&nbsp;&nbsp;&nbsp;&nbsp;&nbsp;&nbsp;&nbsp;&nbsp;&nbsp;&nbsp; Alt\u00f6tting<\/p>\r\n<p>Freitag, 18.09.&nbsp;&nbsp;&nbsp;&nbsp;&nbsp;&nbsp;&nbsp;&nbsp;&nbsp;&nbsp;&nbsp;&nbsp;&nbsp;&nbsp;&nbsp;&nbsp;&nbsp;&nbsp;&nbsp;&nbsp;&nbsp; DER 24. WOCHE IM JAHRESKREIS<\/p>\r\n<p>Reichersdorf&nbsp;&nbsp;&nbsp; 19:00 Uhr&nbsp;&nbsp;&nbsp;&nbsp;&nbsp; <strong>Hl. Messe <\/strong><br><br><\/p>\r\n<p>Samstag, 19.09.&nbsp;&nbsp;&nbsp;&nbsp;&nbsp;&nbsp;&nbsp;&nbsp;&nbsp;&nbsp;&nbsp;&nbsp;&nbsp;&nbsp;&nbsp;&nbsp;&nbsp;&nbsp; VORABEND 25. SONNTAG IM JAHRESKREIS<\/p>\r\n<p>Mettenhausen&nbsp; 19:00 Uhr&nbsp;&nbsp;&nbsp;&nbsp;&nbsp;&nbsp; <strong>Hl. Amt \u2013 Pfarrgottesdienst<\/strong> \u2013 <strong>Feier Patrozinium<\/strong><\/p>\r\n<p>&nbsp;&nbsp;&nbsp;&nbsp;&nbsp;&nbsp;&nbsp;&nbsp;&nbsp;&nbsp;&nbsp;&nbsp;&nbsp;&nbsp;&nbsp;&nbsp;&nbsp;&nbsp;&nbsp;&nbsp;&nbsp;&nbsp;&nbsp;&nbsp;&nbsp;&nbsp;&nbsp;&nbsp;&nbsp;&nbsp;&nbsp;&nbsp;&nbsp;&nbsp;&nbsp;&nbsp;&nbsp;&nbsp;&nbsp;&nbsp;&nbsp;&nbsp;&nbsp;<\/p>\r\n<p>&nbsp;<\/p>\r\n<p>Sonntag, 20.09.&nbsp;&nbsp;&nbsp;&nbsp;&nbsp;&nbsp;&nbsp;&nbsp;&nbsp;&nbsp;&nbsp;&nbsp;&nbsp;&nbsp;&nbsp;&nbsp;&nbsp;&nbsp; 25. SONNTAG IM JAHRESKREIS<\/p>\r\n<p>Aufhausen&nbsp;&nbsp;&nbsp;&nbsp;&nbsp;&nbsp; 08:30 Uhr&nbsp;&nbsp;&nbsp;&nbsp;&nbsp;&nbsp; <strong>Hl. Amt <\/strong><br><br><\/p>\r\n<p>&nbsp;<\/p>\r\n<p>Lappersdorf&nbsp;&nbsp;&nbsp;&nbsp; 8:30 Uhr&nbsp;&nbsp;&nbsp;&nbsp;&nbsp;&nbsp;&nbsp; <strong>Hl. Amt&nbsp; <\/strong><br><br><\/p>\r\n<p>&nbsp;<\/p>\r\n<p>Mettenhausen&nbsp; 13:00 Uhr&nbsp;&nbsp;&nbsp;&nbsp;&nbsp;&nbsp; <strong>Quatemberrosenkranz <\/strong><\/p>\r\n<p><strong>&nbsp;<\/strong><\/p>\r\n<p>Reichersdorf&nbsp;&nbsp;&nbsp; 10:00 Uhr&nbsp;&nbsp;&nbsp;&nbsp;&nbsp;&nbsp; <strong>Wort-Gottes-Feier<\/strong> <br><br><\/p>\r\n<p>&nbsp;<\/p>\r\n<p>Samstag, 26.09.&nbsp;&nbsp;&nbsp;&nbsp;&nbsp;&nbsp;&nbsp;&nbsp;&nbsp;&nbsp;&nbsp;&nbsp;&nbsp;&nbsp;&nbsp;&nbsp;&nbsp;&nbsp; VORABEND 26. SONNTAG IM JAHRESKREIS<\/p>\r\n<p><em>KOLLEKTE F\u00dcR DIE CARITAS <\/em><\/p>\r\n<p>Reichersdorf&nbsp;&nbsp;&nbsp; 19:00 Uhr&nbsp;&nbsp;&nbsp;&nbsp;&nbsp;&nbsp; <strong>Hl. Amt \u2013 Pfarrgottesdienst <\/strong><\/p>\r\n<p><strong>&nbsp;&nbsp;&nbsp;&nbsp;&nbsp;&nbsp;&nbsp;&nbsp;&nbsp;&nbsp;&nbsp;&nbsp;&nbsp;&nbsp;&nbsp;&nbsp;&nbsp;&nbsp;&nbsp;&nbsp;&nbsp;&nbsp;&nbsp;&nbsp;&nbsp;&nbsp;&nbsp;&nbsp;&nbsp;&nbsp;&nbsp;&nbsp;&nbsp;&nbsp;&nbsp;&nbsp;&nbsp;&nbsp;&nbsp;&nbsp;&nbsp;&nbsp;&nbsp; <\/strong>&nbsp;<\/p>\r\n<p>&nbsp;<\/p>\r\n<p>Sonntag, 27.09.&nbsp;&nbsp;&nbsp;&nbsp;&nbsp;&nbsp;&nbsp;&nbsp;&nbsp;&nbsp; 26. SONNTAG IM JAHRESKREIS- CARITAS-SONNTAG<\/p>\r\n<p><em>KOLLEKTE F\u00dcR DIE CARITAS<\/em><\/p>\r\n<p>Aufhausen&nbsp;&nbsp;&nbsp;&nbsp;&nbsp;&nbsp; 10:00 Uhr&nbsp;&nbsp;&nbsp;&nbsp;&nbsp;&nbsp; <strong>Wort-Gottes-Feier&nbsp; <\/strong><\/p>\r\n<p>&nbsp;<\/p>\r\n<p>Prunn&nbsp;&nbsp;&nbsp;&nbsp;&nbsp;&nbsp;&nbsp;&nbsp;&nbsp;&nbsp;&nbsp;&nbsp;&nbsp; 08:30 Uhr&nbsp;&nbsp;&nbsp;&nbsp;&nbsp;&nbsp; <strong>Hl. Amt<\/strong><\/p>\r\n<p>&nbsp;<\/p>\r\n<p>Mettenhausen&nbsp;&nbsp;&nbsp;&nbsp;&nbsp;&nbsp;&nbsp;&nbsp;&nbsp;&nbsp;&nbsp; 10:00 Uhr&nbsp;&nbsp;&nbsp;&nbsp;&nbsp;&nbsp;&nbsp; <strong>Wort-Gottes-Feier<\/strong><\/p>\r\n<p>&nbsp;<\/p>\r\n","protected":false},"excerpt":{"rendered":"<p>Gottesdienstordnung&nbsp; Pfarrverband Aufhausen Samstag, 01.08.&nbsp;&nbsp;&nbsp;&nbsp;&nbsp;&nbsp;&nbsp;&nbsp; VORABEND 18. SONNTAG IM JAHRESKREIS Prunn&nbsp;&nbsp;&nbsp;&nbsp;&nbsp;&nbsp;&nbsp;&nbsp;&nbsp;&nbsp;&nbsp;&nbsp;&nbsp; 19:00 Uhr&nbsp;&nbsp;&nbsp;&nbsp;&nbsp;&nbsp; Hl. Amt Sonntag, 02.08.&nbsp;&nbsp;&nbsp;&nbsp;&nbsp;&nbsp;&nbsp;&nbsp;&nbsp;&nbsp;&nbsp;&nbsp;&nbsp;&nbsp;&nbsp;&nbsp;&nbsp;&nbsp; 18. SONNTAG IM JAHRESKREIS Aufhausen&nbsp;&nbsp;&nbsp;&nbsp;&nbsp;&nbsp; 10:00 Uhr&nbsp;&nbsp;&nbsp;&nbsp;&nbsp;&nbsp; Wort-Gottes-Feier Rannersdorf&nbsp;&nbsp;&nbsp;&nbsp; 10:00 Uhr&nbsp;&nbsp;&nbsp;&nbsp;&nbsp;&nbsp; Hl. Amt Mettenhausen&nbsp; 8:30 Uhr&nbsp;&nbsp;&nbsp;&nbsp;&nbsp;&nbsp;&nbsp; Pfarrgottesdienst &#8211; Hl. Amt &nbsp; Samstag, 08.08.&nbsp;&nbsp;&nbsp;&nbsp;&nbsp;&nbsp;&nbsp;&nbsp;&nbsp;&nbsp;&nbsp;&nbsp;&nbsp;&nbsp;&nbsp;&nbsp;&nbsp;&nbsp; VORABEND 19. SONNTAG IM JAHRESKREIS Reichersdorf&nbsp;&nbsp;&nbsp; 19:00 Uhr&nbsp;&nbsp;&nbsp;&nbsp;&nbsp;&nbsp; Hl. Amt Sonntag, 09.08.&nbsp;&nbsp;&nbsp;&nbsp;&nbsp;&nbsp;&nbsp;&nbsp;&nbsp;&nbsp;&nbsp;&nbsp;&nbsp;&nbsp;&nbsp;&nbsp;&nbsp;&nbsp; 19. SONNTAG IM &hellip; <a href=\"https:\/\/www.aufhausen-ndb.de\/?page_id=61\" class=\"more-link\"><span class=\"screen-reader-text\">Aktuell<\/span> weiterlesen <span class=\"meta-nav\">&rarr;<\/span><\/a><\/p>\n","protected":false},"author":1,"featured_media":0,"parent":12,"menu_order":0,"comment_status":"open","ping_status":"open","template":"","meta":{"ngg_post_thumbnail":0,"jetpack_post_was_ever_published":false,"footnotes":""},"class_list":["post-61","page","type-page","status-publish","hentry"],"jetpack_sharing_enabled":true,"jetpack_shortlink":"https:\/\/wp.me\/P9XgBb-Z","_links":{"self":[{"href":"https:\/\/www.aufhausen-ndb.de\/index.php?rest_route=\/wp\/v2\/pages\/61"}],"collection":[{"href":"https:\/\/www.aufhausen-ndb.de\/index.php?rest_route=\/wp\/v2\/pages"}],"about":[{"href":"https:\/\/www.aufhausen-ndb.de\/index.php?rest_route=\/wp\/v2\/types\/page"}],"author":[{"embeddable":true,"href":"https:\/\/www.aufhausen-ndb.de\/index.php?rest_route=\/wp\/v2\/users\/1"}],"replies":[{"embeddable":true,"href":"https:\/\/www.aufhausen-ndb.de\/index.php?rest_route=%2Fwp%2Fv2%2Fcomments&post=61"}],"version-history":[{"count":181,"href":"https:\/\/www.aufhausen-ndb.de\/index.php?rest_route=\/wp\/v2\/pages\/61\/revisions"}],"predecessor-version":[{"id":1261,"href":"https:\/\/www.aufhausen-ndb.de\/index.php?rest_route=\/wp\/v2\/pages\/61\/revisions\/1261"}],"up":[{"embeddable":true,"href":"https:\/\/www.aufhausen-ndb.de\/index.php?rest_route=\/wp\/v2\/pages\/12"}],"wp:attachment":[{"href":"https:\/\/www.aufhausen-ndb.de\/index.php?rest_route=%2Fwp%2Fv2%2Fmedia&parent=61"}],"curies":[{"name":"wp","href":"https:\/\/api.w.org\/{rel}","templated":true}]}}